{"id":64,"date":"2013-09-07T09:35:46","date_gmt":"2013-09-07T09:35:46","guid":{"rendered":"http:\/\/fotofile.cat\/wpressgallery\/?page_id=64"},"modified":"2014-02-21T09:56:26","modified_gmt":"2014-02-21T09:56:26","slug":"sobre-nosaltres","status":"publish","type":"page","link":"https:\/\/fotofile.cat\/wpressgallery\/?page_id=64","title":{"rendered":"Sobre nosaltres"},"content":{"rendered":"<div class=\"fcbkbttn_buttons_block\" id=\"fcbkbttn_left\"><div class=\"fcbkbttn_button\">\n\t\t\t\t\t<a href=\"https:\/\/www.facebook.com\/\" target=\"_blank\">\n\t\t\t\t\t\t<img decoding=\"async\" src=\"https:\/\/fotofile.cat\/wpressgallery\/wp-content\/plugins\/facebook-button-plugin\/images\/standard-facebook-ico.png\" alt=\"Fb-Button\" \/>\n\t\t\t\t\t<\/a>\n\t\t\t\t<\/div><div class=\"fcbkbttn_like \"><fb:like href=\"https:\/\/fotofile.cat\/wpressgallery\/?page_id=64\" action=\"like\" colorscheme=\"light\" layout=\"standard\"  width=\"225px\" size=\"small\"><\/fb:like><\/div><\/div><p lang=\"ca-ES\" align=\"JUSTIFY\">Bon dia!<\/p>\n<p lang=\"ca-ES\" align=\"JUSTIFY\">Soc Jordi Turza Farre, creador de <span style=\"color: #ff0000;\"><a href=\"http:\/\/www.fotofile.info\/\"><span style=\"color: #ff0000;\">www.fotofile.info<\/span><\/a><\/span> i\u00a0 <a href=\"http:\/\/www.fotofile.cat\"><span style=\"color: #ff0000;\">www.fotofile.cat<\/span>.<\/a><\/p>\n<p lang=\"ca-ES\" align=\"JUSTIFY\">A la web <span style=\"color: #ff0000;\"><a href=\"http:\/\/www.fotofile.cat\/\"><span style=\"color: #ff0000;\">www.fotofile.cat<\/span><\/a><\/span> hi trobareu una selecci\u00f3 de les millors fotografies que al nostre parer hem aconseguit, i a la web <span style=\"color: #ff0000;\"><a href=\"http:\/\/www.fofofile.info\/\"><span style=\"color: #ff0000;\">www.fofofile.info<\/span><\/a><\/span> hi posarem la totalitat de les fotos que hem publicat a Internet. En tenim un fons considerable, mes de 100.000 en reserva, per el que les anirem publicant poc a poc.<\/p>\n<p lang=\"ca-ES\" align=\"JUSTIFY\">El nostre prop\u00f2sit, tant meu com el de la meva companya Carme, \u00e9s donar a con\u00e8ixer la nostre afici\u00f3 per la fotografia, recollida durant mes de 10 anys, de tots els llocs, festes i esdeveniments interessants que hem anat trobant i fotografiant durant aquest temps.<\/p>\n<p lang=\"ca-ES\" align=\"JUSTIFY\">Com es pot comprendre, al llarg d&#8217;aquest per\u00edode de temps hem anat aprenent, guanyant en coneixements i equip, millorant cada dia que fem fotos noves, agafant noves t\u00e8cniques, fent cursets, noves sortides, nous programes d&#8217;edici\u00f3&#8230; l&#8217;afici\u00f3 es porta dins i la tecnologia avan\u00e7a una barbaritat, de tal manera que de vegades fins hi tot ens veiem desbordats per una feina que nomes ens porta satisfaccions i cap benefici econ\u00f2mic.<\/p>\n<p lang=\"ca-ES\" align=\"JUSTIFY\">Us convidem a gaudir, difondre i compartir la nostra afici\u00f3 i les nostres fotografies en xarxes socials i qualsevol medi adient, sempre que feu const\u00e0ncia de on han sortit. Els enlla\u00e7os en cada fotografia us ajudaran a fer-ho m\u00e9s f\u00e0cilment.<\/p>\n<p lang=\"ca-ES\" align=\"JUSTIFY\">\u00a0Gracies per visitar-nos! Gaudiu de les fotos!!<\/p>\n<p lang=\"ca-ES\" align=\"JUSTIFY\">\u00a0<span style=\"color: #ff0000;\"><strong>Jordi Turza Farre.<\/strong><\/span><\/p>\n","protected":false},"excerpt":{"rendered":"<p>Bon dia! Soc Jordi Turza Farre, creador de www.fotofile.info i\u00a0 www.fotofile.cat. A la web www.fotofile.cat hi trobareu una selecci\u00f3 de les millors fotografies que al nostre parer hem aconseguit, i a la web www.fofofile.info hi posarem la totalitat de les fotos que hem publicat a Internet. En tenim un fons considerable, mes de 100.000 en <a href='https:\/\/fotofile.cat\/wpressgallery\/?page_id=64' class='excerpt-more'>[&#8230;]<\/a><\/p>\n","protected":false},"author":2,"featured_media":0,"parent":0,"menu_order":0,"comment_status":"closed","ping_status":"closed","template":"","meta":{"footnotes":""},"class_list":["post-64","page","type-page","status-publish","hentry","post-seq-1","post-parity-odd","meta-position-corners","fix"],"_links":{"self":[{"href":"https:\/\/fotofile.cat\/wpressgallery\/index.php?rest_route=\/wp\/v2\/pages\/64","targetHints":{"allow":["GET"]}}],"collection":[{"href":"https:\/\/fotofile.cat\/wpressgallery\/index.php?rest_route=\/wp\/v2\/pages"}],"about":[{"href":"https:\/\/fotofile.cat\/wpressgallery\/index.php?rest_route=\/wp\/v2\/types\/page"}],"author":[{"embeddable":true,"href":"https:\/\/fotofile.cat\/wpressgallery\/index.php?rest_route=\/wp\/v2\/users\/2"}],"replies":[{"embeddable":true,"href":"https:\/\/fotofile.cat\/wpressgallery\/index.php?rest_route=%2Fwp%2Fv2%2Fcomments&post=64"}],"version-history":[{"count":9,"href":"https:\/\/fotofile.cat\/wpressgallery\/index.php?rest_route=\/wp\/v2\/pages\/64\/revisions"}],"predecessor-version":[{"id":366,"href":"https:\/\/fotofile.cat\/wpressgallery\/index.php?rest_route=\/wp\/v2\/pages\/64\/revisions\/366"}],"wp:attachment":[{"href":"https:\/\/fotofile.cat\/wpressgallery\/index.php?rest_route=%2Fwp%2Fv2%2Fmedia&parent=64"}],"curies":[{"name":"wp","href":"https:\/\/api.w.org\/{rel}","templated":true}]}}